{"id":27,"date":"2023-09-17T12:57:00","date_gmt":"2023-09-17T10:57:00","guid":{"rendered":"https:\/\/www.bilparkenrental.se\/?page_id=27"},"modified":"2025-09-12T17:55:45","modified_gmt":"2025-09-12T15:55:45","slug":"it-works","status":"publish","type":"page","link":"https:\/\/www.bilparkenrental.se\/en\/sa-funkar-det\/","title":{"rendered":"This is how it works"},"content":{"rendered":"\t\t<div data-elementor-type=\"wp-page\" data-elementor-id=\"27\" class=\"elementor elementor-27\" data-elementor-post-type=\"page\">\n\t\t\t\t<div class=\"elementor-element elementor-element-5192843 e-flex e-con-boxed e-con e-parent\" data-id=\"5192843\" data-element_type=\"container\" data-e-type=\"container\" data-settings=\"{&quot;background_background&quot;:&quot;classic&quot;}\">\n\t\t\t\t\t<div class=\"e-con-inner\">\n\t\t\t\t<div class=\"elementor-element elementor-element-f9b6614 elementor-widget elementor-widget-heading\" data-id=\"f9b6614\" data-element_type=\"widget\" data-e-type=\"widget\" data-widget_type=\"heading.default\">\n\t\t\t\t<div class=\"elementor-widget-container\">\n\t\t\t\t\t<h1 class=\"elementor-heading-title elementor-size-default\">Hyresinformation<\/h1>\t\t\t\t<\/div>\n\t\t\t\t<\/div>\n\t\t\t\t\t<\/div>\n\t\t\t\t<\/div>\n\t\t<div class=\"elementor-element elementor-element-2cfe3cc e-flex e-con-boxed e-con e-parent\" data-id=\"2cfe3cc\" data-element_type=\"container\" data-e-type=\"container\" data-settings=\"{&quot;background_background&quot;:&quot;classic&quot;}\">\n\t\t\t\t\t<div class=\"e-con-inner\">\n\t\t<div class=\"elementor-element elementor-element-54abbbc e-flex e-con-boxed e-con e-child\" data-id=\"54abbbc\" data-element_type=\"container\" data-e-type=\"container\">\n\t\t\t\t\t<div class=\"e-con-inner\">\n\t\t\t\t<div class=\"elementor-element elementor-element-2ae0bca elementor-widget elementor-widget-heading\" data-id=\"2ae0bca\" data-element_type=\"widget\" data-e-type=\"widget\" data-widget_type=\"heading.default\">\n\t\t\t\t<div class=\"elementor-widget-container\">\n\t\t\t\t\t<h2 class=\"elementor-heading-title elementor-size-default\">Vanliga fr\u00e5gor<\/h2>\t\t\t\t<\/div>\n\t\t\t\t<\/div>\n\t\t\t\t<div class=\"elementor-element elementor-element-eeaa184 elementor-widget elementor-widget-heading\" data-id=\"eeaa184\" data-element_type=\"widget\" data-e-type=\"widget\" data-widget_type=\"heading.default\">\n\t\t\t\t<div class=\"elementor-widget-container\">\n\t\t\t\t\t<p class=\"elementor-heading-title elementor-size-default\">Vi f\u00f6rst\u00e5r att det kan dyka upp fr\u00e5gor om uthyrningen. Nedan finner du svar p\u00e5 v\u00e5ra vanligaste fr\u00e5gor.<\/p>\t\t\t\t<\/div>\n\t\t\t\t<\/div>\n\t\t\t\t\t<\/div>\n\t\t\t\t<\/div>\n\t\t<div class=\"elementor-element elementor-element-82d9eb5 e-flex e-con-boxed e-con e-child\" data-id=\"82d9eb5\" data-element_type=\"container\" data-e-type=\"container\">\n\t\t\t\t\t<div class=\"e-con-inner\">\n\t\t<div class=\"elementor-element elementor-element-ca382b4 e-flex e-con-boxed e-con e-child\" data-id=\"ca382b4\" data-element_type=\"container\" data-e-type=\"container\">\n\t\t\t\t\t<div class=\"e-con-inner\">\n\t\t\t\t<div class=\"elementor-element elementor-element-02bf95c elementor-widget elementor-widget-toggle\" data-id=\"02bf95c\" data-element_type=\"widget\" data-e-type=\"widget\" data-widget_type=\"toggle.default\">\n\t\t\t\t<div class=\"elementor-widget-container\">\n\t\t\t\t\t\t\t<div class=\"elementor-toggle\">\n\t\t\t\t\t\t\t<div class=\"elementor-toggle-item\">\n\t\t\t\t\t<div id=\"elementor-tab-title-2881\" class=\"elementor-tab-title\" data-tab=\"1\" role=\"button\" aria-controls=\"elementor-tab-content-2881\" aria-expanded=\"false\">\n\t\t\t\t\t\t\t\t\t\t\t\t<span class=\"elementor-toggle-icon elementor-toggle-icon-left\" aria-hidden=\"true\">\n\t\t\t\t\t\t\t\t\t\t\t\t\t\t\t<span class=\"elementor-toggle-icon-closed\"><i class=\"fas fa-caret-right\"><\/i><\/span>\n\t\t\t\t\t\t\t\t<span class=\"elementor-toggle-icon-opened\"><i class=\"elementor-toggle-icon-opened fas fa-caret-up\"><\/i><\/span>\n\t\t\t\t\t\t\t\t\t\t\t\t\t<\/span>\n\t\t\t\t\t\t\t\t\t\t\t\t<a class=\"elementor-toggle-title\" tabindex=\"0\">Vad g\u00e4ller f\u00f6r k\u00f6rkortsregler n\u00e4r man vill hyra en husbil hos er?<\/a>\n\t\t\t\t\t<\/div>\n\n\t\t\t\t\t<div id=\"elementor-tab-content-2881\" class=\"elementor-tab-content elementor-clearfix\" data-tab=\"1\" role=\"region\" aria-labelledby=\"elementor-tab-title-2881\"><p data-start=\"73\" data-end=\"239\">F\u00f6r att f\u00e5 hyra en av v\u00e5ra husbilar ska du vara minst 25 \u00e5r och ha haft ditt B-k\u00f6rkort i \u00e5tminstone 5 \u00e5r. Ingen s\u00e4rskild k\u00f6rkortsbeh\u00f6righet beh\u00f6vs ut\u00f6ver B-k\u00f6rkortet. N\u00e4r du hyr v\u00e5r husvagn \u00e4r det viktigt att k\u00e4nna till att den har en totalvikt p\u00e5 1200 kg. Kontrollera d\u00e4rf\u00f6r vad din bil f\u00e5r dra med B-k\u00f6rkort, s\u00e5 att du s\u00e4kert och lagligt kan k\u00f6ra ekipaget.<\/p><\/div>\n\t\t\t\t<\/div>\n\t\t\t\t\t\t\t<div class=\"elementor-toggle-item\">\n\t\t\t\t\t<div id=\"elementor-tab-title-2882\" class=\"elementor-tab-title\" data-tab=\"2\" role=\"button\" aria-controls=\"elementor-tab-content-2882\" aria-expanded=\"false\">\n\t\t\t\t\t\t\t\t\t\t\t\t<span class=\"elementor-toggle-icon elementor-toggle-icon-left\" aria-hidden=\"true\">\n\t\t\t\t\t\t\t\t\t\t\t\t\t\t\t<span class=\"elementor-toggle-icon-closed\"><i class=\"fas fa-caret-right\"><\/i><\/span>\n\t\t\t\t\t\t\t\t<span class=\"elementor-toggle-icon-opened\"><i class=\"elementor-toggle-icon-opened fas fa-caret-up\"><\/i><\/span>\n\t\t\t\t\t\t\t\t\t\t\t\t\t<\/span>\n\t\t\t\t\t\t\t\t\t\t\t\t<a class=\"elementor-toggle-title\" tabindex=\"0\">Vart kan jag parkera min bil n\u00e4r jag hyr hos er?<\/a>\n\t\t\t\t\t<\/div>\n\n\t\t\t\t\t<div id=\"elementor-tab-content-2882\" class=\"elementor-tab-content elementor-clearfix\" data-tab=\"2\" role=\"region\" aria-labelledby=\"elementor-tab-title-2882\"><p>Du kan st\u00e4lla din bil p\u00e5 v\u00e5r speciella parkeringsyta som ligger bakom v\u00e5ra s\u00e4kerhets grindar. Medan du njuter av din husbils resa tar din bil platsen d\u00e4r hyrbilen tidigare stod.\u00a0<\/p><\/div>\n\t\t\t\t<\/div>\n\t\t\t\t\t\t\t<div class=\"elementor-toggle-item\">\n\t\t\t\t\t<div id=\"elementor-tab-title-2883\" class=\"elementor-tab-title\" data-tab=\"3\" role=\"button\" aria-controls=\"elementor-tab-content-2883\" aria-expanded=\"false\">\n\t\t\t\t\t\t\t\t\t\t\t\t<span class=\"elementor-toggle-icon elementor-toggle-icon-left\" aria-hidden=\"true\">\n\t\t\t\t\t\t\t\t\t\t\t\t\t\t\t<span class=\"elementor-toggle-icon-closed\"><i class=\"fas fa-caret-right\"><\/i><\/span>\n\t\t\t\t\t\t\t\t<span class=\"elementor-toggle-icon-opened\"><i class=\"elementor-toggle-icon-opened fas fa-caret-up\"><\/i><\/span>\n\t\t\t\t\t\t\t\t\t\t\t\t\t<\/span>\n\t\t\t\t\t\t\t\t\t\t\t\t<a class=\"elementor-toggle-title\" tabindex=\"0\">\u00c4r husdjur till\u00e5tna i era fordon?<\/a>\n\t\t\t\t\t<\/div>\n\n\t\t\t\t\t<div id=\"elementor-tab-content-2883\" class=\"elementor-tab-content elementor-clearfix\" data-tab=\"3\" role=\"region\" aria-labelledby=\"elementor-tab-title-2883\"><p>Ja, dina fyrbenta v\u00e4nner \u00e4r v\u00e4lkomna. Ta g\u00e4rna med en filt f\u00f6r ditt husdjur och st\u00e4da upp lite extra innan du l\u00e4mnar tillbaka husbilen\/husvagnen, \u00e4ven om st\u00e4dning \u00e4r inbokad.<\/p><\/div>\n\t\t\t\t<\/div>\n\t\t\t\t\t\t\t<div class=\"elementor-toggle-item\">\n\t\t\t\t\t<div id=\"elementor-tab-title-2884\" class=\"elementor-tab-title\" data-tab=\"4\" role=\"button\" aria-controls=\"elementor-tab-content-2884\" aria-expanded=\"false\">\n\t\t\t\t\t\t\t\t\t\t\t\t<span class=\"elementor-toggle-icon elementor-toggle-icon-left\" aria-hidden=\"true\">\n\t\t\t\t\t\t\t\t\t\t\t\t\t\t\t<span class=\"elementor-toggle-icon-closed\"><i class=\"fas fa-caret-right\"><\/i><\/span>\n\t\t\t\t\t\t\t\t<span class=\"elementor-toggle-icon-opened\"><i class=\"elementor-toggle-icon-opened fas fa-caret-up\"><\/i><\/span>\n\t\t\t\t\t\t\t\t\t\t\t\t\t<\/span>\n\t\t\t\t\t\t\t\t\t\t\t\t<a class=\"elementor-toggle-title\" tabindex=\"0\">Kan jag k\u00f6pa till avbest\u00e4llningsskydd?<\/a>\n\t\t\t\t\t<\/div>\n\n\t\t\t\t\t<div id=\"elementor-tab-content-2884\" class=\"elementor-tab-content elementor-clearfix\" data-tab=\"4\" role=\"region\" aria-labelledby=\"elementor-tab-title-2884\"><p>Du kan skydda dig mot avbest\u00e4llnings kostnader genom att k\u00f6pa ett avbest\u00e4llningsskydd. Det kostar 1500,- per husbil och inneb\u00e4r att du i nedanst\u00e5ende fall kan avboka fram t o m dagen f\u00f6re avtalad uthyrningsperiod. <a href=\"https:\/\/www.bilparkenrental.se\/avbestallningsskydd\/\">L\u00e4s mer h\u00e4r.<\/a><\/p><\/div>\n\t\t\t\t<\/div>\n\t\t\t\t\t\t\t<div class=\"elementor-toggle-item\">\n\t\t\t\t\t<div id=\"elementor-tab-title-2885\" class=\"elementor-tab-title\" data-tab=\"5\" role=\"button\" aria-controls=\"elementor-tab-content-2885\" aria-expanded=\"false\">\n\t\t\t\t\t\t\t\t\t\t\t\t<span class=\"elementor-toggle-icon elementor-toggle-icon-left\" aria-hidden=\"true\">\n\t\t\t\t\t\t\t\t\t\t\t\t\t\t\t<span class=\"elementor-toggle-icon-closed\"><i class=\"fas fa-caret-right\"><\/i><\/span>\n\t\t\t\t\t\t\t\t<span class=\"elementor-toggle-icon-opened\"><i class=\"elementor-toggle-icon-opened fas fa-caret-up\"><\/i><\/span>\n\t\t\t\t\t\t\t\t\t\t\t\t\t<\/span>\n\t\t\t\t\t\t\t\t\t\t\t\t<a class=\"elementor-toggle-title\" tabindex=\"0\">Kan jag best\u00e4lla st\u00e4dning\/service av min personbil under tiden den st\u00e5r parkerad hos er?<\/a>\n\t\t\t\t\t<\/div>\n\n\t\t\t\t\t<div id=\"elementor-tab-content-2885\" class=\"elementor-tab-content elementor-clearfix\" data-tab=\"5\" role=\"region\" aria-labelledby=\"elementor-tab-title-2885\"><p>Ja, det \u00e4r sj\u00e4lvklart. Vi har en fullutrustad rekonditionerings anl\u00e4ggning samt en fullservice verkstad. <a href=\"https:\/\/www.bilparkenrental.se\/kontakta-oss\/\" target=\"_blank\" rel=\"noopener\">Kontakta oss<\/a>\u00a0f\u00f6r pris.<\/p><\/div>\n\t\t\t\t<\/div>\n\t\t\t\t\t\t\t<div class=\"elementor-toggle-item\">\n\t\t\t\t\t<div id=\"elementor-tab-title-2886\" class=\"elementor-tab-title\" data-tab=\"6\" role=\"button\" aria-controls=\"elementor-tab-content-2886\" aria-expanded=\"false\">\n\t\t\t\t\t\t\t\t\t\t\t\t<span class=\"elementor-toggle-icon elementor-toggle-icon-left\" aria-hidden=\"true\">\n\t\t\t\t\t\t\t\t\t\t\t\t\t\t\t<span class=\"elementor-toggle-icon-closed\"><i class=\"fas fa-caret-right\"><\/i><\/span>\n\t\t\t\t\t\t\t\t<span class=\"elementor-toggle-icon-opened\"><i class=\"elementor-toggle-icon-opened fas fa-caret-up\"><\/i><\/span>\n\t\t\t\t\t\t\t\t\t\t\t\t\t<\/span>\n\t\t\t\t\t\t\t\t\t\t\t\t<a class=\"elementor-toggle-title\" tabindex=\"0\">Beh\u00f6ver jag betala en deposition?<\/a>\n\t\t\t\t\t<\/div>\n\n\t\t\t\t\t<div id=\"elementor-tab-content-2886\" class=\"elementor-tab-content elementor-clearfix\" data-tab=\"6\" role=\"region\" aria-labelledby=\"elementor-tab-title-2886\"><p>Ja, vi tar ut en deposition som \u00e5terbetalas efter att husbilen har \u00e5terl\u00e4mnats i gott skick samt att tankar \u00e4r t\u00f6mda.<\/p><\/div>\n\t\t\t\t<\/div>\n\t\t\t\t\t\t\t<div class=\"elementor-toggle-item\">\n\t\t\t\t\t<div id=\"elementor-tab-title-2887\" class=\"elementor-tab-title\" data-tab=\"7\" role=\"button\" aria-controls=\"elementor-tab-content-2887\" aria-expanded=\"false\">\n\t\t\t\t\t\t\t\t\t\t\t\t<span class=\"elementor-toggle-icon elementor-toggle-icon-left\" aria-hidden=\"true\">\n\t\t\t\t\t\t\t\t\t\t\t\t\t\t\t<span class=\"elementor-toggle-icon-closed\"><i class=\"fas fa-caret-right\"><\/i><\/span>\n\t\t\t\t\t\t\t\t<span class=\"elementor-toggle-icon-opened\"><i class=\"elementor-toggle-icon-opened fas fa-caret-up\"><\/i><\/span>\n\t\t\t\t\t\t\t\t\t\t\t\t\t<\/span>\n\t\t\t\t\t\t\t\t\t\t\t\t<a class=\"elementor-toggle-title\" tabindex=\"0\">Kan jag hyra en husbil f\u00f6r Sweden Rock Festival?<\/a>\n\t\t\t\t\t<\/div>\n\n\t\t\t\t\t<div id=\"elementor-tab-content-2887\" class=\"elementor-tab-content elementor-clearfix\" data-tab=\"7\" role=\"region\" aria-labelledby=\"elementor-tab-title-2887\"><p>Ja, vi erbjuder uthyrning av husbilar f\u00f6r festivaler och events. <a href=\"https:\/\/www.bilparkenrental.se\/sweden-rock-festival\/\">L\u00e4s mer h\u00e4r.<\/a><\/p><\/div>\n\t\t\t\t<\/div>\n\t\t\t\t\t\t\t<div class=\"elementor-toggle-item\">\n\t\t\t\t\t<div id=\"elementor-tab-title-2888\" class=\"elementor-tab-title\" data-tab=\"8\" role=\"button\" aria-controls=\"elementor-tab-content-2888\" aria-expanded=\"false\">\n\t\t\t\t\t\t\t\t\t\t\t\t<span class=\"elementor-toggle-icon elementor-toggle-icon-left\" aria-hidden=\"true\">\n\t\t\t\t\t\t\t\t\t\t\t\t\t\t\t<span class=\"elementor-toggle-icon-closed\"><i class=\"fas fa-caret-right\"><\/i><\/span>\n\t\t\t\t\t\t\t\t<span class=\"elementor-toggle-icon-opened\"><i class=\"elementor-toggle-icon-opened fas fa-caret-up\"><\/i><\/span>\n\t\t\t\t\t\t\t\t\t\t\t\t\t<\/span>\n\t\t\t\t\t\t\t\t\t\t\t\t<a class=\"elementor-toggle-title\" tabindex=\"0\">F\u00e5r jag grilla eller anv\u00e4nda \u00f6ppen eld n\u00e4ra husbilen?<\/a>\n\t\t\t\t\t<\/div>\n\n\t\t\t\t\t<div id=\"elementor-tab-content-2888\" class=\"elementor-tab-content elementor-clearfix\" data-tab=\"8\" role=\"region\" aria-labelledby=\"elementor-tab-title-2888\"><p>Ja, men det m\u00e5ste ske enligt campingens regler och s\u00e4kerhetsf\u00f6reskrifter.<\/p><\/div>\n\t\t\t\t<\/div>\n\t\t\t\t\t\t\t<div class=\"elementor-toggle-item\">\n\t\t\t\t\t<div id=\"elementor-tab-title-2889\" class=\"elementor-tab-title\" data-tab=\"9\" role=\"button\" aria-controls=\"elementor-tab-content-2889\" aria-expanded=\"false\">\n\t\t\t\t\t\t\t\t\t\t\t\t<span class=\"elementor-toggle-icon elementor-toggle-icon-left\" aria-hidden=\"true\">\n\t\t\t\t\t\t\t\t\t\t\t\t\t\t\t<span class=\"elementor-toggle-icon-closed\"><i class=\"fas fa-caret-right\"><\/i><\/span>\n\t\t\t\t\t\t\t\t<span class=\"elementor-toggle-icon-opened\"><i class=\"elementor-toggle-icon-opened fas fa-caret-up\"><\/i><\/span>\n\t\t\t\t\t\t\t\t\t\t\t\t\t<\/span>\n\t\t\t\t\t\t\t\t\t\t\t\t<a class=\"elementor-toggle-title\" tabindex=\"0\">Vad ska jag g\u00f6ra om jag blir f\u00f6rsenad vid \u00e5terl\u00e4mning?<\/a>\n\t\t\t\t\t<\/div>\n\n\t\t\t\t\t<div id=\"elementor-tab-content-2889\" class=\"elementor-tab-content elementor-clearfix\" data-tab=\"9\" role=\"region\" aria-labelledby=\"elementor-tab-title-2889\"><p>Kontakta oss omedelbart om du blir f\u00f6rsenad, s\u00e5 f\u00f6rs\u00f6ker vi hitta en l\u00f6sning. Observera att f\u00f6rseningar kan medf\u00f6ra extra avgifter enligt v\u00e5ra uthyrningsvillkor.<\/p><\/div>\n\t\t\t\t<\/div>\n\t\t\t\t\t\t\t<div class=\"elementor-toggle-item\">\n\t\t\t\t\t<div id=\"elementor-tab-title-28810\" class=\"elementor-tab-title\" data-tab=\"10\" role=\"button\" aria-controls=\"elementor-tab-content-28810\" aria-expanded=\"false\">\n\t\t\t\t\t\t\t\t\t\t\t\t<span class=\"elementor-toggle-icon elementor-toggle-icon-left\" aria-hidden=\"true\">\n\t\t\t\t\t\t\t\t\t\t\t\t\t\t\t<span class=\"elementor-toggle-icon-closed\"><i class=\"fas fa-caret-right\"><\/i><\/span>\n\t\t\t\t\t\t\t\t<span class=\"elementor-toggle-icon-opened\"><i class=\"elementor-toggle-icon-opened fas fa-caret-up\"><\/i><\/span>\n\t\t\t\t\t\t\t\t\t\t\t\t\t<\/span>\n\t\t\t\t\t\t\t\t\t\t\t\t<a class=\"elementor-toggle-title\" tabindex=\"0\">Hur fungerar toaletten i husbilen?<\/a>\n\t\t\t\t\t<\/div>\n\n\t\t\t\t\t<div id=\"elementor-tab-content-28810\" class=\"elementor-tab-content elementor-clearfix\" data-tab=\"10\" role=\"region\" aria-labelledby=\"elementor-tab-title-28810\"><p>Toaletten \u00e4r enkel att anv\u00e4nda och t\u00f6mning sker vid speciella stationer som finns p\u00e5 de flesta campingar. Instruktioner finns i husbilens manual. Vid ej t\u00f6md toalett tillkommer en avgift <a href=\"https:\/\/www.bilparkenrental.se\/uthyrningsvillkor\/\">l\u00e4s mer om detta h\u00e4r.<\/a><\/p><\/div>\n\t\t\t\t<\/div>\n\t\t\t\t\t\t\t\t\t\t<script type=\"application\/ld+json\">{\"@context\":\"https:\\\/\\\/schema.org\",\"@type\":\"FAQPage\",\"mainEntity\":[{\"@type\":\"Question\",\"name\":\"Vad g\\u00e4ller f\\u00f6r k\\u00f6rkortsregler n\\u00e4r man vill hyra en husbil hos er?\",\"acceptedAnswer\":{\"@type\":\"Answer\",\"text\":\"<p data-start=\\\"73\\\" data-end=\\\"239\\\">F\\u00f6r att f\\u00e5 hyra en av v\\u00e5ra husbilar ska du vara minst 25 \\u00e5r och ha haft ditt B-k\\u00f6rkort i \\u00e5tminstone 5 \\u00e5r. Ingen s\\u00e4rskild k\\u00f6rkortsbeh\\u00f6righet beh\\u00f6vs ut\\u00f6ver B-k\\u00f6rkortet. N\\u00e4r du hyr v\\u00e5r husvagn \\u00e4r det viktigt att k\\u00e4nna till att den har en totalvikt p\\u00e5 1200 kg. Kontrollera d\\u00e4rf\\u00f6r vad din bil f\\u00e5r dra med B-k\\u00f6rkort, s\\u00e5 att du s\\u00e4kert och lagligt kan k\\u00f6ra ekipaget.<\\\/p>\"}},{\"@type\":\"Question\",\"name\":\"Vart kan jag parkera min bil n\\u00e4r jag hyr hos er?\",\"acceptedAnswer\":{\"@type\":\"Answer\",\"text\":\"<p>Du kan st\\u00e4lla din bil p\\u00e5 v\\u00e5r speciella parkeringsyta som ligger bakom v\\u00e5ra s\\u00e4kerhets grindar. Medan du njuter av din husbils resa tar din bil platsen d\\u00e4r hyrbilen tidigare stod.\\u00a0<\\\/p>\"}},{\"@type\":\"Question\",\"name\":\"\\u00c4r husdjur till\\u00e5tna i era fordon?\",\"acceptedAnswer\":{\"@type\":\"Answer\",\"text\":\"<p>Ja, dina fyrbenta v\\u00e4nner \\u00e4r v\\u00e4lkomna. Ta g\\u00e4rna med en filt f\\u00f6r ditt husdjur och st\\u00e4da upp lite extra innan du l\\u00e4mnar tillbaka husbilen\\\/husvagnen, \\u00e4ven om st\\u00e4dning \\u00e4r inbokad.<\\\/p>\"}},{\"@type\":\"Question\",\"name\":\"Kan jag k\\u00f6pa till avbest\\u00e4llningsskydd?\",\"acceptedAnswer\":{\"@type\":\"Answer\",\"text\":\"<p>Du kan skydda dig mot avbest\\u00e4llnings kostnader genom att k\\u00f6pa ett avbest\\u00e4llningsskydd. Det kostar 1500,- per husbil och inneb\\u00e4r att du i nedanst\\u00e5ende fall kan avboka fram t o m dagen f\\u00f6re avtalad uthyrningsperiod. <a href=\\\"https:\\\/\\\/www.bilparkenrental.se\\\/avbestallningsskydd\\\/\\\">L\\u00e4s mer h\\u00e4r.<\\\/a><\\\/p>\"}},{\"@type\":\"Question\",\"name\":\"Kan jag best\\u00e4lla st\\u00e4dning\\\/service av min personbil under tiden den st\\u00e5r parkerad hos er?\",\"acceptedAnswer\":{\"@type\":\"Answer\",\"text\":\"<p>Ja, det \\u00e4r sj\\u00e4lvklart. Vi har en fullutrustad rekonditionerings anl\\u00e4ggning samt en fullservice verkstad. <a href=\\\"https:\\\/\\\/www.bilparkenrental.se\\\/kontakta-oss\\\/\\\" target=\\\"_blank\\\" rel=\\\"noopener\\\">Kontakta oss<\\\/a>\\u00a0f\\u00f6r pris.<\\\/p>\"}},{\"@type\":\"Question\",\"name\":\"Beh\\u00f6ver jag betala en deposition?\",\"acceptedAnswer\":{\"@type\":\"Answer\",\"text\":\"<p>Ja, vi tar ut en deposition som \\u00e5terbetalas efter att husbilen har \\u00e5terl\\u00e4mnats i gott skick samt att tankar \\u00e4r t\\u00f6mda.<\\\/p>\"}},{\"@type\":\"Question\",\"name\":\"Kan jag hyra en husbil f\\u00f6r Sweden Rock Festival?\",\"acceptedAnswer\":{\"@type\":\"Answer\",\"text\":\"<p>Ja, vi erbjuder uthyrning av husbilar f\\u00f6r festivaler och events. <a href=\\\"https:\\\/\\\/www.bilparkenrental.se\\\/sweden-rock-festival\\\/\\\">L\\u00e4s mer h\\u00e4r.<\\\/a><\\\/p>\"}},{\"@type\":\"Question\",\"name\":\"F\\u00e5r jag grilla eller anv\\u00e4nda \\u00f6ppen eld n\\u00e4ra husbilen?\",\"acceptedAnswer\":{\"@type\":\"Answer\",\"text\":\"<p>Ja, men det m\\u00e5ste ske enligt campingens regler och s\\u00e4kerhetsf\\u00f6reskrifter.<\\\/p>\"}},{\"@type\":\"Question\",\"name\":\"Vad ska jag g\\u00f6ra om jag blir f\\u00f6rsenad vid \\u00e5terl\\u00e4mning?\",\"acceptedAnswer\":{\"@type\":\"Answer\",\"text\":\"<p>Kontakta oss omedelbart om du blir f\\u00f6rsenad, s\\u00e5 f\\u00f6rs\\u00f6ker vi hitta en l\\u00f6sning. Observera att f\\u00f6rseningar kan medf\\u00f6ra extra avgifter enligt v\\u00e5ra uthyrningsvillkor.<\\\/p>\"}},{\"@type\":\"Question\",\"name\":\"Hur fungerar toaletten i husbilen?\",\"acceptedAnswer\":{\"@type\":\"Answer\",\"text\":\"<p>Toaletten \\u00e4r enkel att anv\\u00e4nda och t\\u00f6mning sker vid speciella stationer som finns p\\u00e5 de flesta campingar. Instruktioner finns i husbilens manual. Vid ej t\\u00f6md toalett tillkommer en avgift <a href=\\\"https:\\\/\\\/www.bilparkenrental.se\\\/uthyrningsvillkor\\\/\\\">l\\u00e4s mer om detta h\\u00e4r.<\\\/a><\\\/p>\"}}]}<\/script>\n\t\t\t\t\t<\/div>\n\t\t\t\t\t\t<\/div>\n\t\t\t\t<\/div>\n\t\t\t\t\t<\/div>\n\t\t\t\t<\/div>\n\t\t<div class=\"elementor-element elementor-element-720f4fa e-flex e-con-boxed e-con e-child\" data-id=\"720f4fa\" data-element_type=\"container\" data-e-type=\"container\">\n\t\t\t\t\t<div class=\"e-con-inner\">\n\t\t\t\t<div class=\"elementor-element elementor-element-873195e elementor-widget elementor-widget-toggle\" data-id=\"873195e\" data-element_type=\"widget\" data-e-type=\"widget\" data-widget_type=\"toggle.default\">\n\t\t\t\t<div class=\"elementor-widget-container\">\n\t\t\t\t\t\t\t<div class=\"elementor-toggle\">\n\t\t\t\t\t\t\t<div class=\"elementor-toggle-item\">\n\t\t\t\t\t<div id=\"elementor-tab-title-1411\" class=\"elementor-tab-title\" data-tab=\"1\" role=\"button\" aria-controls=\"elementor-tab-content-1411\" aria-expanded=\"false\">\n\t\t\t\t\t\t\t\t\t\t\t\t<span class=\"elementor-toggle-icon elementor-toggle-icon-left\" aria-hidden=\"true\">\n\t\t\t\t\t\t\t\t\t\t\t\t\t\t\t<span class=\"elementor-toggle-icon-closed\"><i class=\"fas fa-caret-right\"><\/i><\/span>\n\t\t\t\t\t\t\t\t<span class=\"elementor-toggle-icon-opened\"><i class=\"elementor-toggle-icon-opened fas fa-caret-up\"><\/i><\/span>\n\t\t\t\t\t\t\t\t\t\t\t\t\t<\/span>\n\t\t\t\t\t\t\t\t\t\t\t\t<a class=\"elementor-toggle-title\" tabindex=\"0\">Kan jag k\u00f6ra vart jag vill och hur l\u00e5ngt jag \u00f6nskar?<\/a>\n\t\t\t\t\t<\/div>\n\n\t\t\t\t\t<div id=\"elementor-tab-content-1411\" class=\"elementor-tab-content elementor-clearfix\" data-tab=\"1\" role=\"region\" aria-labelledby=\"elementor-tab-title-1411\"><p>N\u00e4r du hyr en av v\u00e5ra husbilar ing\u00e5r en k\u00f6rstr\u00e4cka p\u00e5 20 mil per dag. Om du vill k\u00f6ra l\u00e4ngre \u00e4n det tillkommer en kostnad p\u00e5 30 kronor per extra mil. Du kan ocks\u00e5 v\u00e4lja att k\u00f6pa till fria mil f\u00f6r 2 500 kr per bokning. V\u00e5ra husbilar f\u00e5r k\u00f6ras inom Europa, under f\u00f6ruts\u00e4ttning att detta meddelas vid bokning eller utl\u00e4mning.<\/p><\/div>\n\t\t\t\t<\/div>\n\t\t\t\t\t\t\t<div class=\"elementor-toggle-item\">\n\t\t\t\t\t<div id=\"elementor-tab-title-1412\" class=\"elementor-tab-title\" data-tab=\"2\" role=\"button\" aria-controls=\"elementor-tab-content-1412\" aria-expanded=\"false\">\n\t\t\t\t\t\t\t\t\t\t\t\t<span class=\"elementor-toggle-icon elementor-toggle-icon-left\" aria-hidden=\"true\">\n\t\t\t\t\t\t\t\t\t\t\t\t\t\t\t<span class=\"elementor-toggle-icon-closed\"><i class=\"fas fa-caret-right\"><\/i><\/span>\n\t\t\t\t\t\t\t\t<span class=\"elementor-toggle-icon-opened\"><i class=\"elementor-toggle-icon-opened fas fa-caret-up\"><\/i><\/span>\n\t\t\t\t\t\t\t\t\t\t\t\t\t<\/span>\n\t\t\t\t\t\t\t\t\t\t\t\t<a class=\"elementor-toggle-title\" tabindex=\"0\">Vilken utrustning medf\u00f6ljer i husbilen?<\/a>\n\t\t\t\t\t<\/div>\n\n\t\t\t\t\t<div id=\"elementor-tab-content-1412\" class=\"elementor-tab-content elementor-clearfix\" data-tab=\"2\" role=\"region\" aria-labelledby=\"elementor-tab-title-1412\"><p>Vad som ing\u00e5r i uthyrningen hittar du under varje bil. <a href=\"https:\/\/www.bilparkenrental.se\/husbilar\/\">L\u00e4s mer h\u00e4r.<\/a><\/p><\/div>\n\t\t\t\t<\/div>\n\t\t\t\t\t\t\t<div class=\"elementor-toggle-item\">\n\t\t\t\t\t<div id=\"elementor-tab-title-1413\" class=\"elementor-tab-title\" data-tab=\"3\" role=\"button\" aria-controls=\"elementor-tab-content-1413\" aria-expanded=\"false\">\n\t\t\t\t\t\t\t\t\t\t\t\t<span class=\"elementor-toggle-icon elementor-toggle-icon-left\" aria-hidden=\"true\">\n\t\t\t\t\t\t\t\t\t\t\t\t\t\t\t<span class=\"elementor-toggle-icon-closed\"><i class=\"fas fa-caret-right\"><\/i><\/span>\n\t\t\t\t\t\t\t\t<span class=\"elementor-toggle-icon-opened\"><i class=\"elementor-toggle-icon-opened fas fa-caret-up\"><\/i><\/span>\n\t\t\t\t\t\t\t\t\t\t\t\t\t<\/span>\n\t\t\t\t\t\t\t\t\t\t\t\t<a class=\"elementor-toggle-title\" tabindex=\"0\">Om n\u00e5got ov\u00e4ntat intr\u00e4ffar under resan, vad b\u00f6r vi g\u00f6ra?<\/a>\n\t\t\t\t\t<\/div>\n\n\t\t\t\t\t<div id=\"elementor-tab-content-1413\" class=\"elementor-tab-content elementor-clearfix\" data-tab=\"3\" role=\"region\" aria-labelledby=\"elementor-tab-title-1413\"><p>Om n\u00e5got ov\u00e4ntat intr\u00e4ffar, som ett tekniskt problem, olycka eller annan of\u00f6rutsedd h\u00e4ndelse:<\/p><ol><li><strong>S\u00e4kerhet f\u00f6rst<\/strong> \u2013 Se till att alla i fordonet \u00e4r s\u00e4kra och f\u00f6lj trafikreglerna om ni m\u00e5ste stanna p\u00e5 v\u00e4gen.<\/li><li><strong>Kontakta oss<\/strong> \u2013 Ring oss omedelbart f\u00f6r v\u00e4gledning. Vi hj\u00e4lper er med n\u00e4sta steg och kan kontakta n\u00f6dv\u00e4ndiga parter, t.ex. verkst\u00e4der eller f\u00f6rs\u00e4kringsbolag.<\/li><li><strong>Vid skador eller olyckor<\/strong> \u2013 Dokumentera skadan eller olyckan genom att ta foton och anteckna viktiga detaljer som tid, plats och inblandade parter.<\/li><li><strong>Kontakta f\u00f6rs\u00e4kringsbolaget<\/strong> \u2013 Om det \u00e4r n\u00f6dv\u00e4ndigt kan ni \u00e4ven rapportera skadan till Protector Insurance via v\u00e5r sida <a href=\"https:\/\/www.bilparkenrental.se\/elementor-1620\/\"><em>Anm\u00e4l Skada<\/em>.<\/a><\/li><\/ol><p>Vi erbjuder v\u00e4gassistans och support under hela din resa f\u00f6r att minimera eventuella besv\u00e4r. Telefonnummer f\u00f6r support och f\u00f6rs\u00e4kring finns i husbilens dokumentation och i bokningsbekr\u00e4ftelsen.<\/p><\/div>\n\t\t\t\t<\/div>\n\t\t\t\t\t\t\t<div class=\"elementor-toggle-item\">\n\t\t\t\t\t<div id=\"elementor-tab-title-1414\" class=\"elementor-tab-title\" data-tab=\"4\" role=\"button\" aria-controls=\"elementor-tab-content-1414\" aria-expanded=\"false\">\n\t\t\t\t\t\t\t\t\t\t\t\t<span class=\"elementor-toggle-icon elementor-toggle-icon-left\" aria-hidden=\"true\">\n\t\t\t\t\t\t\t\t\t\t\t\t\t\t\t<span class=\"elementor-toggle-icon-closed\"><i class=\"fas fa-caret-right\"><\/i><\/span>\n\t\t\t\t\t\t\t\t<span class=\"elementor-toggle-icon-opened\"><i class=\"elementor-toggle-icon-opened fas fa-caret-up\"><\/i><\/span>\n\t\t\t\t\t\t\t\t\t\t\t\t\t<\/span>\n\t\t\t\t\t\t\t\t\t\t\t\t<a class=\"elementor-toggle-title\" tabindex=\"0\">Kan jag k\u00f6pa till inv\u00e4ndig st\u00e4dning?<\/a>\n\t\t\t\t\t<\/div>\n\n\t\t\t\t\t<div id=\"elementor-tab-content-1414\" class=\"elementor-tab-content elementor-clearfix\" data-tab=\"4\" role=\"region\" aria-labelledby=\"elementor-tab-title-1414\"><p>Vi erbjuder en bekv\u00e4m till\u00e4ggstj\u00e4nst f\u00f6r inv\u00e4ndig st\u00e4dning n\u00e4r du l\u00e4mnar tillbaka din hyrda husbil\/husvagn. F\u00f6r endast 2500 kr ser vi till att hela husbilen\/husvagnen \u00e4r skinande ren och redo f\u00f6r n\u00e4sta \u00e4ventyr. <a style=\"font-family: var( --e-global-typography-text-font-family ), Sans-serif; font-size: var( --e-global-typography-text-font-size ); font-weight: var( --e-global-typography-text-font-weight );\" href=\"https:\/\/www.bilparkenrental.se\/invandig-stad\/\" target=\"_blank\" rel=\"noopener\">L\u00e4s mer h\u00e4r.<\/a><\/p><\/div>\n\t\t\t\t<\/div>\n\t\t\t\t\t\t\t<div class=\"elementor-toggle-item\">\n\t\t\t\t\t<div id=\"elementor-tab-title-1415\" class=\"elementor-tab-title\" data-tab=\"5\" role=\"button\" aria-controls=\"elementor-tab-content-1415\" aria-expanded=\"false\">\n\t\t\t\t\t\t\t\t\t\t\t\t<span class=\"elementor-toggle-icon elementor-toggle-icon-left\" aria-hidden=\"true\">\n\t\t\t\t\t\t\t\t\t\t\t\t\t\t\t<span class=\"elementor-toggle-icon-closed\"><i class=\"fas fa-caret-right\"><\/i><\/span>\n\t\t\t\t\t\t\t\t<span class=\"elementor-toggle-icon-opened\"><i class=\"elementor-toggle-icon-opened fas fa-caret-up\"><\/i><\/span>\n\t\t\t\t\t\t\t\t\t\t\t\t\t<\/span>\n\t\t\t\t\t\t\t\t\t\t\t\t<a class=\"elementor-toggle-title\" tabindex=\"0\">Hur m\u00e5nga b\u00e4ltade platser har husbilen?<\/a>\n\t\t\t\t\t<\/div>\n\n\t\t\t\t\t<div id=\"elementor-tab-content-1415\" class=\"elementor-tab-content elementor-clearfix\" data-tab=\"5\" role=\"region\" aria-labelledby=\"elementor-tab-title-1415\"><p>Under menyvalet &#8221;<a href=\"https:\/\/www.bilparkenrental.se\/husbilar\/\">V\u00e5ra husbilar<\/a>&#8221; kan du l\u00e4sa mer om v\u00e5ra husbilar och se antal b\u00e4ltade platser i alla v\u00e5ra modeller. T\u00e4nk p\u00e5 att klicka dig vidare till varje bil f\u00f6r att se antal b\u00e4ltade platser.<\/p><\/div>\n\t\t\t\t<\/div>\n\t\t\t\t\t\t\t<div class=\"elementor-toggle-item\">\n\t\t\t\t\t<div id=\"elementor-tab-title-1416\" class=\"elementor-tab-title\" data-tab=\"6\" role=\"button\" aria-controls=\"elementor-tab-content-1416\" aria-expanded=\"false\">\n\t\t\t\t\t\t\t\t\t\t\t\t<span class=\"elementor-toggle-icon elementor-toggle-icon-left\" aria-hidden=\"true\">\n\t\t\t\t\t\t\t\t\t\t\t\t\t\t\t<span class=\"elementor-toggle-icon-closed\"><i class=\"fas fa-caret-right\"><\/i><\/span>\n\t\t\t\t\t\t\t\t<span class=\"elementor-toggle-icon-opened\"><i class=\"elementor-toggle-icon-opened fas fa-caret-up\"><\/i><\/span>\n\t\t\t\t\t\t\t\t\t\t\t\t\t<\/span>\n\t\t\t\t\t\t\t\t\t\t\t\t<a class=\"elementor-toggle-title\" tabindex=\"0\">Hur ska husbilen \u00e5terl\u00e4mnas?<\/a>\n\t\t\t\t\t<\/div>\n\n\t\t\t\t\t<div id=\"elementor-tab-content-1416\" class=\"elementor-tab-content elementor-clearfix\" data-tab=\"6\" role=\"region\" aria-labelledby=\"elementor-tab-title-1416\"><p>Husbilen ska \u00e5terl\u00e4mnas fulltankad och rengjord enligt v\u00e5ra villkor. Vi erbjuder \u00e4ven till\u00e4ggstj\u00e4nster f\u00f6r st\u00e4dning om du f\u00f6redrar det. <a href=\"https:\/\/www.bilparkenrental.se\/invandig-stad\/\">L\u00e4s mer h\u00e4r.<\/a><\/p><\/div>\n\t\t\t\t<\/div>\n\t\t\t\t\t\t\t<div class=\"elementor-toggle-item\">\n\t\t\t\t\t<div id=\"elementor-tab-title-1417\" class=\"elementor-tab-title\" data-tab=\"7\" role=\"button\" aria-controls=\"elementor-tab-content-1417\" aria-expanded=\"false\">\n\t\t\t\t\t\t\t\t\t\t\t\t<span class=\"elementor-toggle-icon elementor-toggle-icon-left\" aria-hidden=\"true\">\n\t\t\t\t\t\t\t\t\t\t\t\t\t\t\t<span class=\"elementor-toggle-icon-closed\"><i class=\"fas fa-caret-right\"><\/i><\/span>\n\t\t\t\t\t\t\t\t<span class=\"elementor-toggle-icon-opened\"><i class=\"elementor-toggle-icon-opened fas fa-caret-up\"><\/i><\/span>\n\t\t\t\t\t\t\t\t\t\t\t\t\t<\/span>\n\t\t\t\t\t\t\t\t\t\t\t\t<a class=\"elementor-toggle-title\" tabindex=\"0\">Vad g\u00f6r jag om husbilen blir skadad?<\/a>\n\t\t\t\t\t<\/div>\n\n\t\t\t\t\t<div id=\"elementor-tab-content-1417\" class=\"elementor-tab-content elementor-clearfix\" data-tab=\"7\" role=\"region\" aria-labelledby=\"elementor-tab-title-1417\"><p>Rapportera skadan omedelbart via <a href=\"https:\/\/www.bilparkenrental.se\/elementor-1620\/\"><em>Anm\u00e4l Skada<\/em>-sidan<\/a> p\u00e5 v\u00e5r hemsida. D\u00e4r kan du v\u00e4lja att anm\u00e4la skadan online till Protector Insurance eller kontakta dem direkt via telefon.<\/p><\/div>\n\t\t\t\t<\/div>\n\t\t\t\t\t\t\t<div class=\"elementor-toggle-item\">\n\t\t\t\t\t<div id=\"elementor-tab-title-1418\" class=\"elementor-tab-title\" data-tab=\"8\" role=\"button\" aria-controls=\"elementor-tab-content-1418\" aria-expanded=\"false\">\n\t\t\t\t\t\t\t\t\t\t\t\t<span class=\"elementor-toggle-icon elementor-toggle-icon-left\" aria-hidden=\"true\">\n\t\t\t\t\t\t\t\t\t\t\t\t\t\t\t<span class=\"elementor-toggle-icon-closed\"><i class=\"fas fa-caret-right\"><\/i><\/span>\n\t\t\t\t\t\t\t\t<span class=\"elementor-toggle-icon-opened\"><i class=\"elementor-toggle-icon-opened fas fa-caret-up\"><\/i><\/span>\n\t\t\t\t\t\t\t\t\t\t\t\t\t<\/span>\n\t\t\t\t\t\t\t\t\t\t\t\t<a class=\"elementor-toggle-title\" tabindex=\"0\">Kan jag f\u00e5 husbilen\/husvagnen levererad till en annan plats?<\/a>\n\t\t\t\t\t<\/div>\n\n\t\t\t\t\t<div id=\"elementor-tab-content-1418\" class=\"elementor-tab-content elementor-clearfix\" data-tab=\"8\" role=\"region\" aria-labelledby=\"elementor-tab-title-1418\"><p>Ja, vi erbjuder leverans till och fr\u00e5n specifika platser mot en extra avgift. Kontakta oss f\u00f6r detaljer.<\/p><\/div>\n\t\t\t\t<\/div>\n\t\t\t\t\t\t\t<div class=\"elementor-toggle-item\">\n\t\t\t\t\t<div id=\"elementor-tab-title-1419\" class=\"elementor-tab-title\" data-tab=\"9\" role=\"button\" aria-controls=\"elementor-tab-content-1419\" aria-expanded=\"false\">\n\t\t\t\t\t\t\t\t\t\t\t\t<span class=\"elementor-toggle-icon elementor-toggle-icon-left\" aria-hidden=\"true\">\n\t\t\t\t\t\t\t\t\t\t\t\t\t\t\t<span class=\"elementor-toggle-icon-closed\"><i class=\"fas fa-caret-right\"><\/i><\/span>\n\t\t\t\t\t\t\t\t<span class=\"elementor-toggle-icon-opened\"><i class=\"elementor-toggle-icon-opened fas fa-caret-up\"><\/i><\/span>\n\t\t\t\t\t\t\t\t\t\t\t\t\t<\/span>\n\t\t\t\t\t\t\t\t\t\t\t\t<a class=\"elementor-toggle-title\" tabindex=\"0\">\u00c4r era fordon vinteranpassade?<\/a>\n\t\t\t\t\t<\/div>\n\n\t\t\t\t\t<div id=\"elementor-tab-content-1419\" class=\"elementor-tab-content elementor-clearfix\" data-tab=\"9\" role=\"region\" aria-labelledby=\"elementor-tab-title-1419\"><p>Ja, vi har husbilar\/husvagnar som \u00e4r anpassade f\u00f6r vinterbruk med isolering och uppv\u00e4rmningssystem.<\/p><\/div>\n\t\t\t\t<\/div>\n\t\t\t\t\t\t\t<div class=\"elementor-toggle-item\">\n\t\t\t\t\t<div id=\"elementor-tab-title-14110\" class=\"elementor-tab-title\" data-tab=\"10\" role=\"button\" aria-controls=\"elementor-tab-content-14110\" aria-expanded=\"false\">\n\t\t\t\t\t\t\t\t\t\t\t\t<span class=\"elementor-toggle-icon elementor-toggle-icon-left\" aria-hidden=\"true\">\n\t\t\t\t\t\t\t\t\t\t\t\t\t\t\t<span class=\"elementor-toggle-icon-closed\"><i class=\"fas fa-caret-right\"><\/i><\/span>\n\t\t\t\t\t\t\t\t<span class=\"elementor-toggle-icon-opened\"><i class=\"elementor-toggle-icon-opened fas fa-caret-up\"><\/i><\/span>\n\t\t\t\t\t\t\t\t\t\t\t\t\t<\/span>\n\t\t\t\t\t\t\t\t\t\t\t\t<a class=\"elementor-toggle-title\" tabindex=\"0\">Finns det n\u00e5gra erbjudanden eller rabatter?<\/a>\n\t\t\t\t\t<\/div>\n\n\t\t\t\t\t<div id=\"elementor-tab-content-14110\" class=\"elementor-tab-content elementor-clearfix\" data-tab=\"10\" role=\"region\" aria-labelledby=\"elementor-tab-title-14110\"><p>Vi erbjuder ibland kampanjer och rabatter, s\u00e4rskilt under l\u00e5gs\u00e4song. H\u00e5ll utkik p\u00e5 v\u00e5r hemsida eller f\u00f6lj oss p\u00e5 sociala medier f\u00f6r att inte missa n\u00e5got.<\/p><\/div>\n\t\t\t\t<\/div>\n\t\t\t\t\t\t\t\t\t\t<script type=\"application\/ld+json\">{\"@context\":\"https:\\\/\\\/schema.org\",\"@type\":\"FAQPage\",\"mainEntity\":[{\"@type\":\"Question\",\"name\":\"Kan jag k\\u00f6ra vart jag vill och hur l\\u00e5ngt jag \\u00f6nskar?\",\"acceptedAnswer\":{\"@type\":\"Answer\",\"text\":\"<p>N\\u00e4r du hyr en av v\\u00e5ra husbilar ing\\u00e5r en k\\u00f6rstr\\u00e4cka p\\u00e5 20 mil per dag. Om du vill k\\u00f6ra l\\u00e4ngre \\u00e4n det tillkommer en kostnad p\\u00e5 30 kronor per extra mil. Du kan ocks\\u00e5 v\\u00e4lja att k\\u00f6pa till fria mil f\\u00f6r 2 500 kr per bokning. V\\u00e5ra husbilar f\\u00e5r k\\u00f6ras inom Europa, under f\\u00f6ruts\\u00e4ttning att detta meddelas vid bokning eller utl\\u00e4mning.<\\\/p>\"}},{\"@type\":\"Question\",\"name\":\"Vilken utrustning medf\\u00f6ljer i husbilen?\",\"acceptedAnswer\":{\"@type\":\"Answer\",\"text\":\"<p>Vad som ing\\u00e5r i uthyrningen hittar du under varje bil. <a href=\\\"https:\\\/\\\/www.bilparkenrental.se\\\/husbilar\\\/\\\">L\\u00e4s mer h\\u00e4r.<\\\/a><\\\/p>\"}},{\"@type\":\"Question\",\"name\":\"Om n\\u00e5got ov\\u00e4ntat intr\\u00e4ffar under resan, vad b\\u00f6r vi g\\u00f6ra?\",\"acceptedAnswer\":{\"@type\":\"Answer\",\"text\":\"<p>Om n\\u00e5got ov\\u00e4ntat intr\\u00e4ffar, som ett tekniskt problem, olycka eller annan of\\u00f6rutsedd h\\u00e4ndelse:<\\\/p><ol><li><strong>S\\u00e4kerhet f\\u00f6rst<\\\/strong> \\u2013 Se till att alla i fordonet \\u00e4r s\\u00e4kra och f\\u00f6lj trafikreglerna om ni m\\u00e5ste stanna p\\u00e5 v\\u00e4gen.<\\\/li><li><strong>Kontakta oss<\\\/strong> \\u2013 Ring oss omedelbart f\\u00f6r v\\u00e4gledning. Vi hj\\u00e4lper er med n\\u00e4sta steg och kan kontakta n\\u00f6dv\\u00e4ndiga parter, t.ex. verkst\\u00e4der eller f\\u00f6rs\\u00e4kringsbolag.<\\\/li><li><strong>Vid skador eller olyckor<\\\/strong> \\u2013 Dokumentera skadan eller olyckan genom att ta foton och anteckna viktiga detaljer som tid, plats och inblandade parter.<\\\/li><li><strong>Kontakta f\\u00f6rs\\u00e4kringsbolaget<\\\/strong> \\u2013 Om det \\u00e4r n\\u00f6dv\\u00e4ndigt kan ni \\u00e4ven rapportera skadan till Protector Insurance via v\\u00e5r sida <a href=\\\"https:\\\/\\\/www.bilparkenrental.se\\\/elementor-1620\\\/\\\"><em>Anm\\u00e4l Skada<\\\/em>.<\\\/a><\\\/li><\\\/ol><p>Vi erbjuder v\\u00e4gassistans och support under hela din resa f\\u00f6r att minimera eventuella besv\\u00e4r. Telefonnummer f\\u00f6r support och f\\u00f6rs\\u00e4kring finns i husbilens dokumentation och i bokningsbekr\\u00e4ftelsen.<\\\/p>\"}},{\"@type\":\"Question\",\"name\":\"Kan jag k\\u00f6pa till inv\\u00e4ndig st\\u00e4dning?\",\"acceptedAnswer\":{\"@type\":\"Answer\",\"text\":\"<p>Vi erbjuder en bekv\\u00e4m till\\u00e4ggstj\\u00e4nst f\\u00f6r inv\\u00e4ndig st\\u00e4dning n\\u00e4r du l\\u00e4mnar tillbaka din hyrda husbil\\\/husvagn. F\\u00f6r endast 2500 kr ser vi till att hela husbilen\\\/husvagnen \\u00e4r skinande ren och redo f\\u00f6r n\\u00e4sta \\u00e4ventyr. <a style=\\\"font-family: var( --e-global-typography-text-font-family ), Sans-serif; font-size: var( --e-global-typography-text-font-size ); font-weight: var( --e-global-typography-text-font-weight );\\\" href=\\\"https:\\\/\\\/www.bilparkenrental.se\\\/invandig-stad\\\/\\\" target=\\\"_blank\\\" rel=\\\"noopener\\\">L\\u00e4s mer h\\u00e4r.<\\\/a><\\\/p>\"}},{\"@type\":\"Question\",\"name\":\"Hur m\\u00e5nga b\\u00e4ltade platser har husbilen?\",\"acceptedAnswer\":{\"@type\":\"Answer\",\"text\":\"<p>Under menyvalet &#8221;<a href=\\\"https:\\\/\\\/www.bilparkenrental.se\\\/husbilar\\\/\\\">V\\u00e5ra husbilar<\\\/a>&#8221; kan du l\\u00e4sa mer om v\\u00e5ra husbilar och se antal b\\u00e4ltade platser i alla v\\u00e5ra modeller. T\\u00e4nk p\\u00e5 att klicka dig vidare till varje bil f\\u00f6r att se antal b\\u00e4ltade platser.<\\\/p>\"}},{\"@type\":\"Question\",\"name\":\"Hur ska husbilen \\u00e5terl\\u00e4mnas?\",\"acceptedAnswer\":{\"@type\":\"Answer\",\"text\":\"<p>Husbilen ska \\u00e5terl\\u00e4mnas fulltankad och rengjord enligt v\\u00e5ra villkor. Vi erbjuder \\u00e4ven till\\u00e4ggstj\\u00e4nster f\\u00f6r st\\u00e4dning om du f\\u00f6redrar det. <a href=\\\"https:\\\/\\\/www.bilparkenrental.se\\\/invandig-stad\\\/\\\">L\\u00e4s mer h\\u00e4r.<\\\/a><\\\/p>\"}},{\"@type\":\"Question\",\"name\":\"Vad g\\u00f6r jag om husbilen blir skadad?\",\"acceptedAnswer\":{\"@type\":\"Answer\",\"text\":\"<p>Rapportera skadan omedelbart via <a href=\\\"https:\\\/\\\/www.bilparkenrental.se\\\/elementor-1620\\\/\\\"><em>Anm\\u00e4l Skada<\\\/em>-sidan<\\\/a> p\\u00e5 v\\u00e5r hemsida. D\\u00e4r kan du v\\u00e4lja att anm\\u00e4la skadan online till Protector Insurance eller kontakta dem direkt via telefon.<\\\/p>\"}},{\"@type\":\"Question\",\"name\":\"Kan jag f\\u00e5 husbilen\\\/husvagnen levererad till en annan plats?\",\"acceptedAnswer\":{\"@type\":\"Answer\",\"text\":\"<p>Ja, vi erbjuder leverans till och fr\\u00e5n specifika platser mot en extra avgift. Kontakta oss f\\u00f6r detaljer.<\\\/p>\"}},{\"@type\":\"Question\",\"name\":\"\\u00c4r era fordon vinteranpassade?\",\"acceptedAnswer\":{\"@type\":\"Answer\",\"text\":\"<p>Ja, vi har husbilar\\\/husvagnar som \\u00e4r anpassade f\\u00f6r vinterbruk med isolering och uppv\\u00e4rmningssystem.<\\\/p>\"}},{\"@type\":\"Question\",\"name\":\"Finns det n\\u00e5gra erbjudanden eller rabatter?\",\"acceptedAnswer\":{\"@type\":\"Answer\",\"text\":\"<p>Vi erbjuder ibland kampanjer och rabatter, s\\u00e4rskilt under l\\u00e5gs\\u00e4song. H\\u00e5ll utkik p\\u00e5 v\\u00e5r hemsida eller f\\u00f6lj oss p\\u00e5 sociala medier f\\u00f6r att inte missa n\\u00e5got.<\\\/p>\"}}]}<\/script>\n\t\t\t\t\t<\/div>\n\t\t\t\t\t\t<\/div>\n\t\t\t\t<\/div>\n\t\t\t\t\t<\/div>\n\t\t\t\t<\/div>\n\t\t\t\t\t<\/div>\n\t\t\t\t<\/div>\n\t\t\t\t\t<\/div>\n\t\t\t\t<\/div>\n\t\t<div class=\"elementor-element elementor-element-e4fd05f e-flex e-con-boxed e-con e-parent\" data-id=\"e4fd05f\" data-element_type=\"container\" data-e-type=\"container\" data-settings=\"{&quot;background_background&quot;:&quot;classic&quot;}\">\n\t\t\t\t\t<div class=\"e-con-inner\">\n\t\t\t\t<div class=\"elementor-element elementor-element-f37c718 elementor-widget elementor-widget-heading\" data-id=\"f37c718\" data-element_type=\"widget\" data-e-type=\"widget\" data-widget_type=\"heading.default\">\n\t\t\t\t<div class=\"elementor-widget-container\">\n\t\t\t\t\t<p class=\"elementor-heading-title elementor-size-default\">Sv\u00e5rt att v\u00e4lja? Vi hj\u00e4lper dig!<\/p>\t\t\t\t<\/div>\n\t\t\t\t<\/div>\n\t\t\t\t<div class=\"elementor-element elementor-element-078df22 elementor-widget elementor-widget-heading\" data-id=\"078df22\" data-element_type=\"widget\" data-e-type=\"widget\" data-widget_type=\"heading.default\">\n\t\t\t\t<div class=\"elementor-widget-container\">\n\t\t\t\t\t<p class=\"elementor-heading-title elementor-size-default\">Det \u00e4r inte alltid l\u00e4tt att veta vilken husbil\/husvagn som passar dig. D\u00e4rf\u00f6r hj\u00e4lper vi dig att hitta den perfekta husbilen f\u00f6r just din husbilssemester.<\/p>\t\t\t\t<\/div>\n\t\t\t\t<\/div>\n\t\t\t\t<div class=\"elementor-element elementor-element-81c55ee elementor-mobile-align-justify elementor-widget elementor-widget-button\" data-id=\"81c55ee\" data-element_type=\"widget\" data-e-type=\"widget\" data-widget_type=\"button.default\">\n\t\t\t\t<div class=\"elementor-widget-container\">\n\t\t\t\t\t\t\t\t\t<div class=\"elementor-button-wrapper\">\n\t\t\t\t\t<a class=\"elementor-button elementor-button-link elementor-size-sm\" href=\"https:\/\/www.bilparkenrental.se\/en\/kontakta-oss\/\">\n\t\t\t\t\t\t<span class=\"elementor-button-content-wrapper\">\n\t\t\t\t\t\t\t\t\t<span class=\"elementor-button-text\">Kontakta oss<\/span>\n\t\t\t\t\t<\/span>\n\t\t\t\t\t<\/a>\n\t\t\t\t<\/div>\n\t\t\t\t\t\t\t\t<\/div>\n\t\t\t\t<\/div>\n\t\t\t\t\t<\/div>\n\t\t\t\t<\/div>\n\t\t\t\t<\/div>\n\t\t","protected":false},"excerpt":{"rendered":"<p>Hyresinformation Vanliga fr\u00e5gor Vi f\u00f6rst\u00e5r att det kan dyka upp fr\u00e5gor om uthyrningen. Nedan finner du svar p\u00e5 v\u00e5ra vanligaste fr\u00e5gor. Vad g\u00e4ller f\u00f6r k\u00f6rkortsregler n\u00e4r man vill hyra en husbil hos er? F\u00f6r att f\u00e5 hyra en av v\u00e5ra husbilar ska du vara minst 25 \u00e5r och ha haft ditt B-k\u00f6rkort i \u00e5tminstone 5 [&hellip;]<\/p>\n","protected":false},"author":1,"featured_media":0,"parent":0,"menu_order":0,"comment_status":"closed","ping_status":"closed","template":"","meta":{"footnotes":""},"class_list":["post-27","page","type-page","status-publish","hentry"],"_links":{"self":[{"href":"https:\/\/www.bilparkenrental.se\/en\/wp-json\/wp\/v2\/pages\/27","targetHints":{"allow":["GET"]}}],"collection":[{"href":"https:\/\/www.bilparkenrental.se\/en\/wp-json\/wp\/v2\/pages"}],"about":[{"href":"https:\/\/www.bilparkenrental.se\/en\/wp-json\/wp\/v2\/types\/page"}],"author":[{"embeddable":true,"href":"https:\/\/www.bilparkenrental.se\/en\/wp-json\/wp\/v2\/users\/1"}],"replies":[{"embeddable":true,"href":"https:\/\/www.bilparkenrental.se\/en\/wp-json\/wp\/v2\/comments?post=27"}],"version-history":[{"count":5,"href":"https:\/\/www.bilparkenrental.se\/en\/wp-json\/wp\/v2\/pages\/27\/revisions"}],"predecessor-version":[{"id":2379,"href":"https:\/\/www.bilparkenrental.se\/en\/wp-json\/wp\/v2\/pages\/27\/revisions\/2379"}],"wp:attachment":[{"href":"https:\/\/www.bilparkenrental.se\/en\/wp-json\/wp\/v2\/media?parent=27"}],"curies":[{"name":"wp","href":"https:\/\/api.w.org\/{rel}","templated":true}]}}